{"id":10833,"date":"2014-02-24T10:23:06","date_gmt":"2014-02-24T07:23:06","guid":{"rendered":"https:\/\/www.kezdi.ro\/?page_id=10833"},"modified":"2025-06-25T13:00:34","modified_gmt":"2025-06-25T10:00:34","slug":"personalitati-nascute-la-targu-secuiesc","status":"publish","type":"page","link":"https:\/\/www.kezdi.ro\/ro\/personalitati-nascute-la-targu-secuiesc\/","title":{"rendered":"Personalit\u0103\u021bi n\u0103scute la T\u00e2rgu Secuiesc"},"content":{"rendered":"<p><strong>B\u00e1nyai J\u00e1nos<\/strong>: geolog<\/p>\n<p>\u00a0\u00a0\u00a0\u00a0\u00a0\u00a0\u00a0\u00a0\u00a0\u00a0\u00a0 1886 T\u00e2rgu Secuiesc \u2013 1946 Odorheiu Secuiesc<\/p>\n<p>&nbsp;<\/p>\n<p><strong>D\u00e1vid Iv\u00e1n Antal<\/strong>: scriitor, publicist<\/p>\n<p>\u00a0\u00a0\u00a0\u00a0\u00a0\u00a0\u00a0\u00a0\u00a0\u00a0\u00a0 1913 T\u00e2rgu Secuiesc \u2013 1988 Budapesta<\/p>\n<p>&nbsp;<\/p>\n<p><strong>Di\u00e9nes Jen\u0151 (de Icafal\u0103u)<\/strong>: primar, scriitor de tineret<\/p>\n<p>\u00a0\u00a0\u00a0\u00a0\u00a0\u00a0\u00a0\u00a0\u00a0\u00a0\u00a0 1876 T\u00e2rgu Secuiesc \u2013 1946 T\u00e2rgu Secuiesc<\/p>\n<p>&nbsp;<\/p>\n<p><strong>Elekes Gy\u00f6rgy<\/strong>: editor, ziarist, poet<\/p>\n<p>\u00a0\u00a0\u00a0\u00a0\u00a0\u00a0\u00a0\u00a0\u00a0\u00a0\u00a0 1894 T\u00e2rgu Secuiesc \u2013 1969 Sf\u00e2ntu Gheorghe<\/p>\n<p>&nbsp;<\/p>\n<p><strong>F\u00f6ldi Istv\u00e1n<\/strong>: profesor, scriitor, editor de ziar<\/p>\n<p>\u00a0\u00a0\u00a0\u00a0\u00a0\u00a0\u00a0\u00a0\u00a0\u00a0\u00a0 1903 T\u00e2rgu Secuiesc \u2013 1967 Domb\u00f3v\u00e1r<\/p>\n<p>&nbsp;<\/p>\n<p><strong>Incze Istv\u00e1n<\/strong>: pictor<\/p>\n<p>\u00a0\u00a0\u00a0\u00a0\u00a0\u00a0\u00a0\u00a0\u00a0\u00a0\u00a0 1905 T\u00e2rgu Secuiesc \u2013 1978 T\u00e2rgu Mure\u0219<\/p>\n<p>&nbsp;<\/p>\n<p><strong>Kov\u00e1cs J. Istv\u00e1n<\/strong>: ziarist, editor<\/p>\n<p>\u00a0\u00a0\u00a0\u00a0\u00a0\u00a0\u00a0\u00a0\u00a0\u00a0\u00a0 1888 T\u00e2rgu Secuiesc \u2013 1966 T\u00e2rgu Secuiesc<\/p>\n<p>&nbsp;<\/p>\n<p><strong>Kov\u00e1cs Istv\u00e1n<\/strong>: arheolog, numismat<\/p>\n<p>\u00a0\u00a0\u00a0\u00a0\u00a0\u00a0\u00a0\u00a0\u00a0\u00a0\u00a0 1880 T\u00e2rgu Secuiesc \u2013 1955 Cluj-Napoca<\/p>\n<p>&nbsp;<\/p>\n<p><strong>Matk\u00f3 Istv\u00e1n<\/strong>: preot reformat, teolog, polemic<\/p>\n<p>\u00a0\u00a0\u00a0\u00a0\u00a0\u00a0\u00a0\u00a0\u00a0\u00a0\u00a0 1625 T\u00e2rgu Secuiesc \u2013 1693 Cluj-Napoca<\/p>\n<p>&nbsp;<\/p>\n<p><strong>Moln\u00e1r J\u00f3zsi\u00e1s<\/strong>: deputat, \u00eentreprinz\u0103tor, c\u0103l\u0103tor<\/p>\n<p>\u00a0\u00a0\u00a0\u00a0\u00a0\u00a0\u00a0\u00a0\u00a0\u00a0\u00a0 1841 T\u00e2rgu Secuiesc \u2013 1903 Budapesta<\/p>\n<p>&nbsp;<\/p>\n<p><strong>Pap Mih\u00e1ly<\/strong>: maior, comandant zonal<\/p>\n<p>\u00a0\u00a0\u00a0\u00a0\u00a0\u00a0\u00a0\u00a0\u00a0\u00a0\u00a0 1784 T\u00e2rgu Secuiesc \u2013 1865 T\u00e2rgu Secuiesc<\/p>\n<p>&nbsp;<\/p>\n<p><strong>Tompa S\u00e1ndor<\/strong> (Pufi): actor<\/p>\n<p>\u00a0\u00a0\u00a0\u00a0\u00a0\u00a0\u00a0\u00a0\u00a0\u00a0\u00a0 1903 T\u00e2rgu Secuiesc \u2013 1969 Budapesta<\/p>\n<p>&nbsp;<\/p>\n<p><strong>Tur\u00f3czi M\u00f3zes<\/strong>: turn\u0103tor de cupru \u0219i de tunuri<\/p>\n<p>\u00a0\u00a0\u00a0\u00a0\u00a0\u00a0\u00a0\u00a0\u00a0\u00a0\u00a0 1813 T\u00e2rgu Secuiesc \u2013 1896 T\u00e2rgu Secuiesc<\/p>\n<p>&nbsp;<\/p>\n<p><strong>V\u00e1s\u00e1rhelyi P\u00e9ter<\/strong>: lingvist<\/p>\n<p>\u00a0\u00a0\u00a0\u00a0\u00a0\u00a0\u00a0\u00a0\u00a0\u00a0\u00a0 cca. 1600 T\u00e2rgu Secuiesc \u2013 1666 Aiud<\/p>\n<p><strong>\u00a0<\/strong><\/p>\n<p><strong>Personalit\u0103\u021bi cu activitate la T\u00e2rgu Secuiesc:<\/strong><\/p>\n<p><strong>\u00a0<\/strong><\/p>\n<p><strong>Bal\u00e1zs M\u00e1rton<\/strong>: profesor, director al \u0219colii de fete, colec\u021bionar etnografic<\/p>\n<p>\u00a0\u00a0\u00a0\u00a0\u00a0\u00a0\u00a0\u00a0\u00a0\u00a0\u00a0 1867 \u0218umuleul Silvaniei \u2013 1948 Sf\u00e2ntu Gheorghe<\/p>\n<p>&nbsp;<\/p>\n<p><strong>Baronesa Szentkereszty Stephanie: <\/strong>fondator servicii sociale<\/p>\n<p>\u00a0\u00a0\u00a0\u00a0\u00a0\u00a0\u00a0\u00a0\u00a0\u00a0\u00a0 1842 Cluj-Napoca \u2013 1906 Budapesta<\/p>\n<p>&nbsp;<\/p>\n<p><strong>Zathureczky Em\u00edlia de Cserey<\/strong>: fondator asocia\u021bie feminist\u0103 \u0219i a \u0219colii primare de fete<\/p>\n<p>\u00a0\u00a0\u00a0\u00a0\u00a0\u00a0\u00a0\u00a0\u00a0\u00a0\u00a0 1824 T\u0103li\u0219oara \u2013 1905 Imeni<\/p>\n<p>&nbsp;<\/p>\n<p><strong>Dr. Di\u00e9nes \u00d6d\u00f6n (de Icafal\u0103u)<\/strong>: avocat, scriitor, editor, fondator de muzeu<\/p>\n<p>\u00a0\u00a0\u00a0\u00a0\u00a0\u00a0\u00a0\u00a0\u00a0\u00a0\u00a0 1874 Semeria \u2013 1936 T\u00e2rgu Secuiesc<\/p>\n<p>&nbsp;<\/p>\n<p><strong>Incze L\u00e1szl\u00f3<\/strong>: profesor, fondator de muzeu, cercet\u0103tor de istorie local\u0103<\/p>\n<p>\u00a0\u00a0\u00a0\u00a0\u00a0\u00a0\u00a0\u00a0\u00a0\u00a0\u00a0 1928 Baraolt \u2013 2007 T\u00e2rgu Secuiesc<\/p>\n<p>&nbsp;<\/p>\n<p><strong>Keresztes M\u00e1t\u00e9<\/strong>: episcop reformat<\/p>\n<p>\u00a0\u00a0\u00a0\u00a0\u00a0\u00a0\u00a0\u00a0\u00a0\u00a0\u00a0 1727 B\u0103\u021banii Mari \u2013 cca. 1800 Aiud<\/p>\n<p>&nbsp;<\/p>\n<p><strong>Nagy M\u00f3zes<\/strong>: preot franciscan, fondator de \u0219coal\u0103<\/p>\n<p>\u00a0\u00a0\u00a0\u00a0\u00a0\u00a0\u00a0\u00a0\u00a0\u00a0\u00a0 cca. 1620 (?) \u2013 1709 Zagon<\/p>\n<p>&nbsp;<\/p>\n<p><strong>Szab\u00f3 Jen\u0151<\/strong>: preot reformat, poet<\/p>\n<p>\u00a0\u00a0\u00a0\u00a0\u00a0\u00a0\u00a0\u00a0\u00a0\u00a0\u00a0 1867 Cluj-Napoca \u2013 1934 T\u00e2rgu Secuiesc<\/p>\n","protected":false},"excerpt":{"rendered":"<p>B\u00e1nyai J\u00e1nos: geolog \u00a0\u00a0\u00a0\u00a0\u00a0\u00a0\u00a0\u00a0\u00a0\u00a0\u00a0 1886 T\u00e2rgu Secuiesc \u2013 1946 Odorheiu Secuiesc &nbsp; D\u00e1vid Iv\u00e1n Antal: scriitor, publicist \u00a0\u00a0\u00a0\u00a0\u00a0\u00a0\u00a0\u00a0\u00a0\u00a0\u00a0 1913 T\u00e2rgu Secuiesc \u2013 1988 Budapesta &nbsp; Di\u00e9nes Jen\u0151 (de Icafal\u0103u): primar, scriitor de tineret \u00a0\u00a0\u00a0\u00a0\u00a0\u00a0\u00a0\u00a0\u00a0\u00a0\u00a0 1876 T\u00e2rgu Secuiesc \u2013 1946 T\u00e2rgu Secuiesc &nbsp; Elekes Gy\u00f6rgy: editor, ziarist, poet \u00a0\u00a0\u00a0\u00a0\u00a0\u00a0\u00a0\u00a0\u00a0\u00a0\u00a0 1894 T\u00e2rgu Secuiesc \u2013 1969 Sf\u00e2ntu Gheorghe [&hellip;]<\/p>\n","protected":false},"author":1,"featured_media":0,"parent":0,"menu_order":0,"comment_status":"closed","ping_status":"open","template":"","meta":{"ngg_post_thumbnail":0,"footnotes":""},"class_list":["post-10833","page","type-page","status-publish","hentry"],"_links":{"self":[{"href":"https:\/\/www.kezdi.ro\/ro\/wp-json\/wp\/v2\/pages\/10833\/"}],"collection":[{"href":"https:\/\/www.kezdi.ro\/ro\/wp-json\/wp\/v2\/pages\/"}],"about":[{"href":"https:\/\/www.kezdi.ro\/ro\/wp-json\/wp\/v2\/types\/page\/"}],"author":[{"embeddable":true,"href":"https:\/\/www.kezdi.ro\/ro\/wp-json\/wp\/v2\/users\/1\/"}],"replies":[{"embeddable":true,"href":"https:\/\/www.kezdi.ro\/ro\/wp-json\/wp\/v2\/comments\/?post=10833"}],"version-history":[{"count":4,"href":"https:\/\/www.kezdi.ro\/ro\/wp-json\/wp\/v2\/pages\/10833\/revisions\/"}],"predecessor-version":[{"id":44563,"href":"https:\/\/www.kezdi.ro\/ro\/wp-json\/wp\/v2\/pages\/10833\/revisions\/44563\/"}],"wp:attachment":[{"href":"https:\/\/www.kezdi.ro\/ro\/wp-json\/wp\/v2\/media\/?parent=10833"}],"curies":[{"name":"wp","href":"https:\/\/api.w.org\/{rel}","templated":true}]}}